{"id":10686,"date":"2026-04-28T08:20:30","date_gmt":"2026-04-28T06:20:30","guid":{"rendered":"https:\/\/www.immoklotz.ch\/immobilien\/1740244en-vermietung\/"},"modified":"2026-04-30T07:20:24","modified_gmt":"2026-04-30T05:20:24","slug":"1740244en-vermietung","status":"publish","type":"casawp_property","link":"https:\/\/www.immoklotz.ch\/en\/immobilien\/1740244en-vermietung\/","title":{"rendered":"VERMIETUNG"},"content":{"rendered":"<h2>Schmerikon<\/h2>\n<p>Die Gemeinde Schmerikon geh\u00f6rt mit rund 4&#8217;124 Einwohnern und einer Fl\u00e4che von 6 km\u00b2, hiervon ein Drittel Wasserfl\u00e4che, zu den \u00fcberschaubarsten Gemeinden im St. Galler Linthgebiet. Unmittelbar am Anfang des oberen Z\u00fcrichsees gelegen, schmiegt sich das Dorf an den S\u00fcdhang des Seer\u00fcckens und geniesst damit viel Sonne und einen einmaligen Ausblick \u00fcber die Schmerkner Bucht zum M\u00fcndungsbereich der Linth, dem unbebauten Ufer des Buechbergs bis weit den See hinunter bis zum Etzel und Seedamm.<\/p>\n<p>Schmerikon bietet hohe Wohnqualit\u00e4t und ist Standort zahlreicher wertsch\u00f6pfungsintensiver und innovativer Unternehmen mit vielen Arbeitspl\u00e4tzen. Ein breites Angebot an Verkaufsl\u00e4den erm\u00f6glicht die Versorgung mit G\u00fctern des t\u00e4glichen Bedarfs direkt im Dorf.<\/p>\n<p>Hervorzuheben ist die hervorragende Anbindung an das regionale und nationale Strassen- und Schienennetz mit Autobahnanschluss und Schnellzughalt auf der Linie Rapperswil &#8211; Uznach &#8211; St. Gallen. So sind die Agglomerationen Z\u00fcrich und St. Gallen auf beiden Verkehrstr\u00e4gern in unter einer Stunde erreichbar. Die Stadt Rapperswil-Jona erreicht man mit dem Zug in 10min und mit dem Auto in 10 &#8211; 15min, je nachdem was ihr genaues Ziel ist.<\/p>\n<p>Das Dorfleben ist gepr\u00e4gt durch ein aktives Vereinswesen mit zahlreichen sportlichen, gesellschaftlichen und kulturellen Aktivit\u00e4ten. Hallen- und Seebad, das aufgewertete Seeufer sowie diverse Sportanlagen erh\u00f6hen zus\u00e4tzlich die Attraktivit\u00e4t als Wohnort.<\/p>\n<hr class=\"property-separator\" \/>\n<h2>Charmanter Altstadthausteil<\/h2>\n<p><strong>Einzigartiges Bijou an Toplage in Schmerikon &#8211; kernsaniert &amp; voller Charme<\/strong><\/p>\n<p>An ruhiger und dennoch absolut zentraler Lage an der Kirchgasse in Schmerikon erwartet Sie dieser liebevoll kernsanierte Einfamilienhausteil (2026) mit besonderem Charakter. Nur wenige Schritte vom Bahnhof sowie vom idyllischen Z\u00fcrichsee entfernt, verbindet diese Liegenschaft historischen Charme mit modernem Wohnkomfort &#8211; eine seltene Gelegenheit f\u00fcr alle, die das Besondere suchen.<\/p>\n<p>Die durchdachte Raumaufteilung und die gem\u00fctliche Atmosph\u00e4re verleihen dem Zuhause eine ganz eigene Wohnqualit\u00e4t. Wohnzimmer, Esszimmer und zwei Schlafzimmer \u00fcberzeugen mit viel Charme und einem heimeligen Ambiente. Die moderne K\u00fcche ist mit zeitgem\u00e4ssen Ger\u00e4ten ausgestattet und l\u00e4dt zum Kochen und Geniessen ein. Das Badezimmer mit Badewanne bietet zus\u00e4tzlichen Komfort.<\/p>\n<p>Eine eigene Waschmaschine und ein Tumbler im separaten Trocknungsraum runden das attraktive Angebot ab.<\/p>\n<p>Auch Familien profitieren von der hervorragenden Lage: Kindergarten sowie Primar- und Oberstufe sind bequem in weniger als f\u00fcnf Gehminuten erreichbar.<\/p>\n<p>Ihre Vorteile auf einen Blick:<\/p>\n<ul>\n<li>Kernsanierung 2026 &#8211; stilvoll und modern<\/li>\n<li>Ruhige, zentrale Lage nur wenige Schritte zum Bahnhof und Z\u00fcrichsee<\/li>\n<li>Charmante Wohnr\u00e4ume mit besonderer Atmosph\u00e4re (Raumh\u00f6he ca. 1.95 m)<\/li>\n<li>Moderne, voll ausgestattete K\u00fcche<\/li>\n<li>Badezimmer mit Badewanne<\/li>\n<li>Eigene Waschmaschine und Tumbler<\/li>\n<li>Glasfaseranschluss<\/li>\n<li>Schulen und Einkaufsm\u00f6glichkeiten in unmittelbarer N\u00e4he<\/li>\n<\/ul>\n<p>Ein charmantes Zuhause mit Geschichte, Garten und Toplage &#8211; ideal f\u00fcr Menschen, die eine besondere Wohnatmosph\u00e4re sch\u00e4tzen.<\/p>\n<p>Mindestmietdauer: 3 Jahre<\/p>\n","protected":false},"excerpt":{"rendered":"<p>Charmanter Altstadthausteil<\/p>\n","protected":false},"author":0,"featured_media":10687,"parent":0,"menu_order":13,"comment_status":"closed","ping_status":"closed","template":"","meta":{"_acf_changed":false,"inline_featured_image":false,"footnotes":""},"casawp_category":[7],"casawp_feature":[10,53,78,39,12,13,26,167,79,184,80],"casawp_utility":[14],"casawp_location":[17,189,31],"casawp_salestype":[30],"casawp_availability":[16],"casawp_region":[],"class_list":["post-10686","casawp_property","type-casawp_property","status-publish","has-post-thumbnail","hentry","casawp_category-house","casawp_feature-has-balcony","casawp_feature-has-cabletv","casawp_feature-has-mountain-view","casawp_feature-has-parking","casawp_feature-has-tumbler","casawp_feature-has-washing-machine","casawp_feature-is-child-friendly","casawp_feature-is-corner-house","casawp_feature-is-quiet","casawp_feature-is-refurbished","casawp_feature-is-sunny","casawp_utility-residential","casawp_location-country_ch","casawp_location-locality_schmerikon","casawp_location-region_sg","casawp_salestype-rent","casawp_availability-active"],"acf":[],"yoast_head":"<!-- This site is optimized with the Yoast SEO plugin v27.5 - https:\/\/yoast.com\/product\/yoast-seo-wordpress\/ -->\n<title>VERMIETUNG - Klotz Immobilien \/ Bau<\/title>\n<meta name=\"robots\" content=\"index, follow, max-snippet:-1, max-image-preview:large, max-video-preview:-1\" \/>\n<link rel=\"canonical\" href=\"https:\/\/www.immoklotz.ch\/immobilien\/1740244de-vermietung\/\" \/>\n<meta property=\"og:locale\" content=\"en_US\" \/>\n<meta property=\"og:type\" content=\"article\" \/>\n<meta property=\"og:title\" content=\"VERMIETUNG - Klotz Immobilien \/ Bau\" \/>\n<meta property=\"og:description\" content=\"Charmanter Altstadthausteil\" \/>\n<meta property=\"og:url\" content=\"https:\/\/www.immoklotz.ch\/immobilien\/1740244de-vermietung\/\" \/>\n<meta property=\"og:site_name\" content=\"Klotz Immobilien \/ Bau\" \/>\n<meta property=\"article:modified_time\" content=\"2026-04-30T05:20:24+00:00\" \/>\n<meta name=\"twitter:card\" content=\"summary_large_image\" \/>\n<meta name=\"twitter:label1\" content=\"Est. reading time\" \/>\n\t<meta name=\"twitter:data1\" content=\"2 minutes\" \/>\n<script type=\"application\/ld+json\" class=\"yoast-schema-graph\">{\"@context\":\"https:\\\/\\\/schema.org\",\"@graph\":[{\"@type\":\"WebPage\",\"@id\":\"https:\\\/\\\/www.immoklotz.ch\\\/immobilien\\\/1740244de-vermietung\\\/\",\"url\":\"https:\\\/\\\/www.immoklotz.ch\\\/immobilien\\\/1740244de-vermietung\\\/\",\"name\":\"VERMIETUNG - Klotz Immobilien \\\/ Bau\",\"isPartOf\":{\"@id\":\"https:\\\/\\\/www.immoklotz.ch\\\/#website\"},\"primaryImageOfPage\":{\"@id\":\"https:\\\/\\\/www.immoklotz.ch\\\/immobilien\\\/1740244de-vermietung\\\/#primaryimage\"},\"image\":{\"@id\":\"https:\\\/\\\/www.immoklotz.ch\\\/immobilien\\\/1740244de-vermietung\\\/#primaryimage\"},\"thumbnailUrl\":\"https:\\\/\\\/cdn.casasoft.com\\\/media\\\/provider-10049\\\/property-1711735\\\/48edf9fc977681010534ba1fa189266b.jpeg?p=xl\",\"datePublished\":\"2026-04-28T06:20:30+00:00\",\"dateModified\":\"2026-04-30T05:20:24+00:00\",\"breadcrumb\":{\"@id\":\"https:\\\/\\\/www.immoklotz.ch\\\/immobilien\\\/1740244de-vermietung\\\/#breadcrumb\"},\"inLanguage\":\"en-US\",\"potentialAction\":[{\"@type\":\"ReadAction\",\"target\":[\"https:\\\/\\\/www.immoklotz.ch\\\/immobilien\\\/1740244de-vermietung\\\/\"]}]},{\"@type\":\"ImageObject\",\"inLanguage\":\"en-US\",\"@id\":\"https:\\\/\\\/www.immoklotz.ch\\\/immobilien\\\/1740244de-vermietung\\\/#primaryimage\",\"url\":\"https:\\\/\\\/cdn.casasoft.com\\\/media\\\/provider-10049\\\/property-1711735\\\/48edf9fc977681010534ba1fa189266b.jpeg?p=xl\",\"contentUrl\":\"https:\\\/\\\/cdn.casasoft.com\\\/media\\\/provider-10049\\\/property-1711735\\\/48edf9fc977681010534ba1fa189266b.jpeg?p=xl\"},{\"@type\":\"BreadcrumbList\",\"@id\":\"https:\\\/\\\/www.immoklotz.ch\\\/immobilien\\\/1740244de-vermietung\\\/#breadcrumb\",\"itemListElement\":[{\"@type\":\"ListItem\",\"position\":1,\"name\":\"Home\",\"item\":\"https:\\\/\\\/www.immoklotz.ch\\\/en\\\/\"},{\"@type\":\"ListItem\",\"position\":2,\"name\":\"Immobilien\",\"item\":\"https:\\\/\\\/www.immoklotz.ch\\\/immobilien\\\/\"},{\"@type\":\"ListItem\",\"position\":3,\"name\":\"VERMIETUNG\"}]},{\"@type\":\"WebSite\",\"@id\":\"https:\\\/\\\/www.immoklotz.ch\\\/#website\",\"url\":\"https:\\\/\\\/www.immoklotz.ch\\\/\",\"name\":\"Klotz Immobilien \\\/ Bau\",\"description\":\"\",\"potentialAction\":[{\"@type\":\"SearchAction\",\"target\":{\"@type\":\"EntryPoint\",\"urlTemplate\":\"https:\\\/\\\/www.immoklotz.ch\\\/?s={search_term_string}\"},\"query-input\":{\"@type\":\"PropertyValueSpecification\",\"valueRequired\":true,\"valueName\":\"search_term_string\"}}],\"inLanguage\":\"en-US\"}]}<\/script>\n<!-- \/ Yoast SEO plugin. -->","yoast_head_json":{"title":"VERMIETUNG - Klotz Immobilien \/ Bau","robots":{"index":"index","follow":"follow","max-snippet":"max-snippet:-1","max-image-preview":"max-image-preview:large","max-video-preview":"max-video-preview:-1"},"canonical":"https:\/\/www.immoklotz.ch\/immobilien\/1740244de-vermietung\/","og_locale":"en_US","og_type":"article","og_title":"VERMIETUNG - Klotz Immobilien \/ Bau","og_description":"Charmanter Altstadthausteil","og_url":"https:\/\/www.immoklotz.ch\/immobilien\/1740244de-vermietung\/","og_site_name":"Klotz Immobilien \/ Bau","article_modified_time":"2026-04-30T05:20:24+00:00","twitter_card":"summary_large_image","twitter_misc":{"Est. reading time":"2 minutes"},"schema":{"@context":"https:\/\/schema.org","@graph":[{"@type":"WebPage","@id":"https:\/\/www.immoklotz.ch\/immobilien\/1740244de-vermietung\/","url":"https:\/\/www.immoklotz.ch\/immobilien\/1740244de-vermietung\/","name":"VERMIETUNG - Klotz Immobilien \/ Bau","isPartOf":{"@id":"https:\/\/www.immoklotz.ch\/#website"},"primaryImageOfPage":{"@id":"https:\/\/www.immoklotz.ch\/immobilien\/1740244de-vermietung\/#primaryimage"},"image":{"@id":"https:\/\/www.immoklotz.ch\/immobilien\/1740244de-vermietung\/#primaryimage"},"thumbnailUrl":"https:\/\/cdn.casasoft.com\/media\/provider-10049\/property-1711735\/48edf9fc977681010534ba1fa189266b.jpeg?p=xl","datePublished":"2026-04-28T06:20:30+00:00","dateModified":"2026-04-30T05:20:24+00:00","breadcrumb":{"@id":"https:\/\/www.immoklotz.ch\/immobilien\/1740244de-vermietung\/#breadcrumb"},"inLanguage":"en-US","potentialAction":[{"@type":"ReadAction","target":["https:\/\/www.immoklotz.ch\/immobilien\/1740244de-vermietung\/"]}]},{"@type":"ImageObject","inLanguage":"en-US","@id":"https:\/\/www.immoklotz.ch\/immobilien\/1740244de-vermietung\/#primaryimage","url":"https:\/\/cdn.casasoft.com\/media\/provider-10049\/property-1711735\/48edf9fc977681010534ba1fa189266b.jpeg?p=xl","contentUrl":"https:\/\/cdn.casasoft.com\/media\/provider-10049\/property-1711735\/48edf9fc977681010534ba1fa189266b.jpeg?p=xl"},{"@type":"BreadcrumbList","@id":"https:\/\/www.immoklotz.ch\/immobilien\/1740244de-vermietung\/#breadcrumb","itemListElement":[{"@type":"ListItem","position":1,"name":"Home","item":"https:\/\/www.immoklotz.ch\/en\/"},{"@type":"ListItem","position":2,"name":"Immobilien","item":"https:\/\/www.immoklotz.ch\/immobilien\/"},{"@type":"ListItem","position":3,"name":"VERMIETUNG"}]},{"@type":"WebSite","@id":"https:\/\/www.immoklotz.ch\/#website","url":"https:\/\/www.immoklotz.ch\/","name":"Klotz Immobilien \/ Bau","description":"","potentialAction":[{"@type":"SearchAction","target":{"@type":"EntryPoint","urlTemplate":"https:\/\/www.immoklotz.ch\/?s={search_term_string}"},"query-input":{"@type":"PropertyValueSpecification","valueRequired":true,"valueName":"search_term_string"}}],"inLanguage":"en-US"}]}},"_links":{"self":[{"href":"https:\/\/www.immoklotz.ch\/en\/wp-json\/wp\/v2\/casawp_property\/10686","targetHints":{"allow":["GET"]}}],"collection":[{"href":"https:\/\/www.immoklotz.ch\/en\/wp-json\/wp\/v2\/casawp_property"}],"about":[{"href":"https:\/\/www.immoklotz.ch\/en\/wp-json\/wp\/v2\/types\/casawp_property"}],"replies":[{"embeddable":true,"href":"https:\/\/www.immoklotz.ch\/en\/wp-json\/wp\/v2\/comments?post=10686"}],"version-history":[{"count":0,"href":"https:\/\/www.immoklotz.ch\/en\/wp-json\/wp\/v2\/casawp_property\/10686\/revisions"}],"wp:featuredmedia":[{"embeddable":true,"href":"https:\/\/www.immoklotz.ch\/en\/wp-json\/wp\/v2\/media\/10687"}],"wp:attachment":[{"href":"https:\/\/www.immoklotz.ch\/en\/wp-json\/wp\/v2\/media?parent=10686"}],"wp:term":[{"taxonomy":"casawp_category","embeddable":true,"href":"https:\/\/www.immoklotz.ch\/en\/wp-json\/wp\/v2\/casawp_category?post=10686"},{"taxonomy":"casawp_feature","embeddable":true,"href":"https:\/\/www.immoklotz.ch\/en\/wp-json\/wp\/v2\/casawp_feature?post=10686"},{"taxonomy":"casawp_utility","embeddable":true,"href":"https:\/\/www.immoklotz.ch\/en\/wp-json\/wp\/v2\/casawp_utility?post=10686"},{"taxonomy":"casawp_location","embeddable":true,"href":"https:\/\/www.immoklotz.ch\/en\/wp-json\/wp\/v2\/casawp_location?post=10686"},{"taxonomy":"casawp_salestype","embeddable":true,"href":"https:\/\/www.immoklotz.ch\/en\/wp-json\/wp\/v2\/casawp_salestype?post=10686"},{"taxonomy":"casawp_availability","embeddable":true,"href":"https:\/\/www.immoklotz.ch\/en\/wp-json\/wp\/v2\/casawp_availability?post=10686"},{"taxonomy":"casawp_region","embeddable":true,"href":"https:\/\/www.immoklotz.ch\/en\/wp-json\/wp\/v2\/casawp_region?post=10686"}],"curies":[{"name":"wp","href":"https:\/\/api.w.org\/{rel}","templated":true}]}}